{"version":"1.0","provider_name":"Communaut\u00e9 Catholique Francophone en Norv\u00e8ge","provider_url":"https:\/\/catholique-francophone-norvege.com","author_name":"M\u00e9lanie Coelho","author_url":"https:\/\/catholique-francophone-norvege.com\/index.php\/author\/webmaster\/","title":"AGENDA DU TEMPS DE CAR\u00caME 2025 - Communaut\u00e9 Catholique Francophone en Norv\u00e8ge","type":"rich","width":600,"height":338,"html":"<blockquote class=\"wp-embedded-content\" data-secret=\"VTNDTRKIvB\"><a href=\"https:\/\/catholique-francophone-norvege.com\/index.php\/2025\/03\/03\/agenda-du-temps-de-careme-2025\/\">AGENDA DU TEMPS DE CAR\u00caME 2025<\/a><\/blockquote><iframe sandbox=\"allow-scripts\" security=\"restricted\" src=\"https:\/\/catholique-francophone-norvege.com\/index.php\/2025\/03\/03\/agenda-du-temps-de-careme-2025\/embed\/#?secret=VTNDTRKIvB\" width=\"600\" height=\"338\" title=\"\u00ab\u00a0AGENDA DU TEMPS DE CAR\u00caME 2025\u00a0\u00bb &#8212; Communaut\u00e9 Catholique Francophone en Norv\u00e8ge\" data-secret=\"VTNDTRKIvB\" frameborder=\"0\" marginwidth=\"0\" marginheight=\"0\" scrolling=\"no\" class=\"wp-embedded-content\"><\/iframe><script>\n\/*! This file is auto-generated *\/\n!function(d,l){\"use strict\";l.querySelector&&d.addEventListener&&\"undefined\"!=typeof URL&&(d.wp=d.wp||{},d.wp.receiveEmbedMessage||(d.wp.receiveEmbedMessage=function(e){var t=e.data;if((t||t.secret||t.message||t.value)&&!\/[^a-zA-Z0-9]\/.test(t.secret)){for(var s,r,n,a=l.querySelectorAll('iframe[data-secret=\"'+t.secret+'\"]'),o=l.querySelectorAll('blockquote[data-secret=\"'+t.secret+'\"]'),c=new RegExp(\"^https?:$\",\"i\"),i=0;i<o.length;i++)o[i].style.display=\"none\";for(i=0;i<a.length;i++)s=a[i],e.source===s.contentWindow&&(s.removeAttribute(\"style\"),\"height\"===t.message?(1e3<(r=parseInt(t.value,10))?r=1e3:~~r<200&&(r=200),s.height=r):\"link\"===t.message&&(r=new URL(s.getAttribute(\"src\")),n=new URL(t.value),c.test(n.protocol))&&n.host===r.host&&l.activeElement===s&&(d.top.location.href=t.value))}},d.addEventListener(\"message\",d.wp.receiveEmbedMessage,!1),l.addEventListener(\"DOMContentLoaded\",function(){for(var e,t,s=l.querySelectorAll(\"iframe.wp-embedded-content\"),r=0;r<s.length;r++)(t=(e=s[r]).getAttribute(\"data-secret\"))||(t=Math.random().toString(36).substring(2,12),e.src+=\"#?secret=\"+t,e.setAttribute(\"data-secret\",t)),e.contentWindow.postMessage({message:\"ready\",secret:t},\"*\")},!1)))}(window,document);\n\/\/# sourceURL=https:\/\/catholique-francophone-norvege.com\/wp-includes\/js\/wp-embed.min.js\n<\/script>\n","description":"1. MARDI GRAS : le 04 mars 2025 C&rsquo;est le dernier jour avant le Car\u00eame, marqu\u00e9 par des festivit\u00e9s et des c\u00e9l\u00e9brations avant le je\u00fbne et la p\u00e9nitence.Mardi 04, concert religieux \u00e0 st Olav, kl. 11.45\u00a0 2. MERCREDI DES CENDRES (D\u00e9but du Car\u00eame), le 05 mars 2025 Jour de je\u00fbne et d&rsquo;abstinence. Les fid\u00e8les re\u00e7oivent [&hellip;]","thumbnail_url":"https:\/\/catholique-francophone-norvege.com\/wp-content\/uploads\/2025\/03\/481047201_605845135677014_4406761911590306530_n.jpg","thumbnail_width":526,"thumbnail_height":539}